{"id":567,"date":"2020-10-12T12:52:08","date_gmt":"2020-10-12T11:52:08","guid":{"rendered":"http:\/\/omn.ie\/?page_id=567"},"modified":"2025-12-18T20:50:21","modified_gmt":"2025-12-18T20:50:21","slug":"ronnodcsdan","status":"publish","type":"page","link":"http:\/\/omn.ie\/index.php\/ronnodcsdan\/","title":{"rendered":"Ron\u2018nOdcs&#038;Dan"},"content":{"rendered":"<h1 style=\"text-align: left;\"><a href=\"http:\/\/omn.ie\/\" target=\"_blank\" rel=\"noopener\"><img loading=\"lazy\" decoding=\"async\" class=\"size-full wp-image-2440 alignleft\" src=\"http:\/\/omn.ie\/wp-content\/uploads\/2015\/05\/Odcs.png\" alt=\"\" width=\"209\" height=\"209\" srcset=\"http:\/\/omn.ie\/wp-content\/uploads\/2015\/05\/Odcs.png 209w, http:\/\/omn.ie\/wp-content\/uploads\/2015\/05\/Odcs-150x150.png 150w, http:\/\/omn.ie\/wp-content\/uploads\/2015\/05\/Odcs-66x66.png 66w\" sizes=\"auto, (max-width: 209px) 100vw, 209px\" \/><\/a><\/h1>\n<h1 style=\"text-align: left;\"><\/h1>\n<h1 style=\"text-align: left;\"><\/h1>\n<h1 style=\"text-align: left;\"><\/h1>\n<h1 style=\"text-align: left;\">Ro\u00f1 \u2018n O\u0135\u010b\u03c8 &amp; n\u0109 `Dan<\/h1>\n<p>x<\/p>\n<h1 class=\"p1\">230918-0920: C\u00fars\u0109 Sta\u03c1\u0109, \u013bi\u03c4\u03c1\u03b8\u010bt\u0109 &amp; \u013b\u00e9\u03c9\u00f1 na Gae\u013c\u011d\u0109<\/h1>\n<p class=\"p1\">T\u00e1 an eagra\u00edocht dheonach \u201cIoml\u00e1ine\u201d\/Oml\u00e1\u00f1- ag cur<\/p>\n<h2 class=\"p3\"><strong>C\u00farsa Staire, litr\u00edochta agus L\u00e9inn na Gaeilge<\/strong><\/h2>\n<p class=\"p1\">ar f\u00e1il do phobal na h\u00c9ireann<\/p>\n<p class=\"p1\"><strong>Dh\u00e1 ch\u00e1il\u00edocht bhun\u00fasacha de dhith:<\/strong><\/p>\n<p class=\"p1\">1. l\u00edofacht bhun\u00fasach na Gaeilge &#8211; n\u00f3 mian \u00ed a shealbh\u00fa<\/p>\n<p class=\"p1\">2. Mian oideachais in ionad fosta\u00edochta: n\u00ed aithn\u00edonn an d\u00e1 St\u00e1t Angla-\u00c9ireannach an l\u00e9inn seo, de thairbhe gur l\u00e9inn Gaelach, f\u00edor at\u00e1 ann.<\/p>\n<p class=\"p1\">Tuilleadh Eolais ar http:\/\/omn.ie\/index.php\/ronnodcsdan\/<\/p>\n<p class=\"p1\">Iarratais\u00ed ar r-phost chuig: scel-@omn.ie<\/p>\n<p class=\"p1\">x<\/p>\n<h1 data-lineheight=\"48\" data-fontsize=\"34\">29072022: A truly Irish Education system for all our people.<\/h1>\n<p><strong>\u201cThe Church\u2019s first task is to denounce the unjust structures, not as one who judges from without, but as one who acknowledges her own share of the responsibility and the blame.\u201d Archbishop Helder Camara.<\/strong><\/p>\n<p>I, like a lot of Irish people, got what my parents thought was an \u201cIrish Catholic Education\u201d.<br \/>\nThe fault was not theirs that what calls itself the Irish Catholic Church was and is neither Irish nor Catholic, but almost the antithesis of both.<br \/>\nThis stems from the undemocratic selfish and cowardly decision by a small \u00e9lite in the late 18th Century* to accept the patronage of the invading, illegal and evil English occupying establishment and army, choosing quiet, luxurious acquiescence in evil-doing over a Christian, people-orientated, free and democratic community, living in harmony with ourselves and with nature.<br \/>\nThis so-called \u201cEducation\u201d system was correctly described by Patrick Pearse as \u201cThe Murder Machine\u201d and it not only murders our language, but our culture, religion, code-of-life, community and any freedom we ever had.<br \/>\nSo, in primary school, I learned:<br \/>\n\u201cKitty Campbell, Pat Mc Nair,<br \/>\nMolly \u00f3g and plenty mair\u201d\u2026<br \/>\n<strong>I was indoctrinated with<\/strong><br \/>\n<strong> English language and culture<\/strong>, as well as<br \/>\n<strong>a respect for \u201cauthority\u201d that derived from the mass-murder of innocents;<\/strong><br \/>\n<strong>the ability to accept lies as truth:<\/strong> when we were told it was ok to kill innocents as a mercenary British soldier, but not ok to as much as lift a finger in defence of what is right;<br \/>\n<strong>that \u201cproperty\u201d was something that belonged to individuals who could do exactly as they like with it\u2026<\/strong> (even though their \u201cownership\u201d of it resulted from robbery with violence).<br \/>\netc, etc, etc ad nauseum.<br \/>\nAnd in secondary school we had our command of the English language perfected in ALL our classes.<br \/>\n<strong>We were given the falsified history of the conqueror,<\/strong><br \/>\n<strong>taught English grammar in classes that were called \u201cIrish\u201d French\u201d, etc.<\/strong><br \/>\n<strong>Our P.E. class gave us compulsory Rugby<\/strong> and \u201cGaelic Football\u201d \u2013 from day 1 our own sports were to be done in the language of the invader who then and now controls our state schools<strong>**<\/strong> and probably what calls itself the G.A.A. : since the name is English, it\u2019s fair to expect it\u2019s ethos to be suspect, too\u2026<br \/>\n<strong>I always knew something was amiss, but was not able to pinpoint it until very recently after years of deep thought and revision of given \u201ctruths\u201d.<\/strong><br \/>\n<strong> So now that process brings us to the time when the volunteer organisation that I helped bring into existence is ready to provide a truly Irish Education system to all our people.<\/strong><br \/>\nThis will commence on Sept 1st this year and will be accessible to people of all ages.<br \/>\nThe sordid history of the \u201cIrish\u201d \u201cCatholic\u201d Church\u2019s collaboration with Britain in the oppression of our nation and people (among many others) is best left for the history class, which we will arrive at in due course, in the confident knowledge that <strong>truth precedes reconciliation<\/strong>.<br \/>\nOur forward movement is long overdue and will not suffer further sabotage by the many other enemies within who now control and destroy our lives.<br \/>\nI put it absolutely simply and bluntly: anyone who allows their child(ren) to attend one of these murder machines deserves the result they got themselves: a life as a nobody in a foreign culture.<br \/>\nYour child(ren) deserve better.<br \/>\nProinsias<\/p>\n<p>*The Royal College of St Patrick at Maynooth, County Kildare, in Ireland, a Catholic seminary, was founded in 1795 and <strong>remains the \u201cacademic\u201d epicentre of the leadership of the enemy within to this day.<\/strong><\/p>\n<p><strong>**\u201dThe Church\u2019s first task is to denounce the unjust structures, not as one who judges from without, but as one who acknowledges her own share of the responsibility and the blame.\u201d Archbishop Helder Camara: quote taken from \u201cA Wounded Church\u201d by Fr. Joseph Mc Veigh.<\/strong><\/p>\n<p>x<\/p>\n<h1><span style=\"color: #000000;\"><strong><a style=\"color: #000000;\" href=\"http:\/\/omn.ie\/wp-content\/uploads\/2022\/09\/00Oideachas-do-gach-DuineENGLISH.pdf\">00Oideachas do gach DuineENGLISH<\/a><\/strong><\/span><\/h1>\n<p>x<\/p>\n<h1><span style=\"color: #000000;\">17 August 2022: Example of a &#8220;truly Irish Education system for all our people&#8221;.<\/span><\/h1>\n<p>Below is a good example of our Education System, which, no doubt, will be ignored and the information\/ideas stolen and profiteered from&#8230;<\/p>\n<p><strong><span style=\"color: #000000;\">This is suited to all people above about 8 years old and shows wheat planting and harvest with added literacy and language skills.<\/span><\/strong><\/p>\n<p>This video is done with the lack of resources typical of the &#8220;Irish&#8221; state&#8217;s continued oppression of the most progressive organisation in our country. This is filmed in HD, but our web facility is limited to small file-size, while RT\u00c9 has unlimited resources to swamp our people with expensive excrement.<\/p>\n<p>Our communal resources have been stolen by the enemies within, but will be taken back: that&#8217;s a promise! In the meantime, these works are available to anyone who wants to be part of this fight-back, on request.<\/p>\n<p>&#8220;Enrollment&#8221; is by contacting us and offering your help.<\/p>\n<p>Proinsias.<\/p>\n<div style=\"width: 480px;\" class=\"wp-video\"><video class=\"wp-video-shortcode\" id=\"video-567-1\" width=\"480\" height=\"360\" preload=\"metadata\" controls=\"controls\"><source type=\"video\/mp4\" src=\"http:\/\/omn.ie\/wp-content\/uploads\/2015\/05\/SamplaOdcs20212-360.mp4?_=1\" \/><a href=\"http:\/\/omn.ie\/wp-content\/uploads\/2015\/05\/SamplaOdcs20212-360.mp4\">http:\/\/omn.ie\/wp-content\/uploads\/2015\/05\/SamplaOdcs20212-360.mp4<\/a><\/video><\/div>\n<p>x<\/p>\n<p><a href=\"http:\/\/omn.ie\/wp-content\/uploads\/2015\/05\/HFCEducation.jpg\"><img loading=\"lazy\" decoding=\"async\" class=\"alignnone wp-image-1221\" src=\"http:\/\/omn.ie\/wp-content\/uploads\/2015\/05\/HFCEducation-211x300.jpg\" alt=\"\" width=\"360\" height=\"511\" srcset=\"http:\/\/omn.ie\/wp-content\/uploads\/2015\/05\/HFCEducation-211x300.jpg 211w, http:\/\/omn.ie\/wp-content\/uploads\/2015\/05\/HFCEducation-768x1089.jpg 768w, http:\/\/omn.ie\/wp-content\/uploads\/2015\/05\/HFCEducation-722x1024.jpg 722w, http:\/\/omn.ie\/wp-content\/uploads\/2015\/05\/HFCEducation.jpg 1749w\" sizes=\"auto, (max-width: 360px) 100vw, 360px\" \/><\/a><a href=\"http:\/\/omn.ie\/wp-content\/uploads\/2018\/03\/Oideachas-do-gach-Saora\u0301nachFINAL-INTERACTIVE_Page_2.jpg\"><img loading=\"lazy\" decoding=\"async\" class=\"alignnone wp-image-192\" src=\"http:\/\/omn.ie\/wp-content\/uploads\/2018\/03\/Oideachas-do-gach-Saora\u0301nachFINAL-INTERACTIVE_Page_2-211x300.jpg\" alt=\"\" width=\"362\" height=\"515\" srcset=\"http:\/\/omn.ie\/wp-content\/uploads\/2018\/03\/Oideachas-do-gach-Saora\u0301nachFINAL-INTERACTIVE_Page_2-211x300.jpg 211w, http:\/\/omn.ie\/wp-content\/uploads\/2018\/03\/Oideachas-do-gach-Saora\u0301nachFINAL-INTERACTIVE_Page_2.jpg 420w\" sizes=\"auto, (max-width: 362px) 100vw, 362px\" \/><\/a><a href=\"http:\/\/omn.ie\/wp-content\/uploads\/2015\/05\/Oideachas-do-gach-Saora\u0301nachFINAL-INTERACTIVE_Page_1.jpg\"><img loading=\"lazy\" decoding=\"async\" class=\"alignnone wp-image-194\" src=\"http:\/\/omn.ie\/wp-content\/uploads\/2015\/05\/Oideachas-do-gach-Saora\u0301nachFINAL-INTERACTIVE_Page_1-211x300.jpg\" alt=\"\" width=\"362\" height=\"515\" srcset=\"http:\/\/omn.ie\/wp-content\/uploads\/2015\/05\/Oideachas-do-gach-Saora\u0301nachFINAL-INTERACTIVE_Page_1-211x300.jpg 211w, http:\/\/omn.ie\/wp-content\/uploads\/2015\/05\/Oideachas-do-gach-Saora\u0301nachFINAL-INTERACTIVE_Page_1.jpg 1166w\" sizes=\"auto, (max-width: 362px) 100vw, 362px\" \/><\/a><\/p>\n<p>x<\/p>\n<p>&nbsp;<\/p>\n<p>x<\/p>\n<h1><span style=\"color: #000000;\"><strong>220829 &#8230; a couple of days ahead of 0109, we begin our educational video series: &#8220;Saol na Suailce&#8221;<\/strong><\/span><\/h1>\n<p>x<\/p>\n<div style=\"width: 669px;\" class=\"wp-video\"><video class=\"wp-video-shortcode\" id=\"video-567-2\" width=\"669\" height=\"376\" preload=\"metadata\" controls=\"controls\"><source type=\"video\/mp4\" src=\"http:\/\/omn.ie\/wp-content\/uploads\/2015\/05\/MiseEire.mp4?_=2\" \/><a href=\"http:\/\/omn.ie\/wp-content\/uploads\/2015\/05\/MiseEire.mp4\">http:\/\/omn.ie\/wp-content\/uploads\/2015\/05\/MiseEire.mp4<\/a><\/video><\/div>\n<p>x<\/p>\n<h1><span style=\"color: #000000;\"><strong>This one is part of our Road Safety series and deals with &#8220;Defensive Cycling&#8221;.<\/strong><\/span><\/h1>\n<div style=\"width: 669px;\" class=\"wp-video\"><video class=\"wp-video-shortcode\" id=\"video-567-3\" width=\"669\" height=\"376\" preload=\"metadata\" controls=\"controls\"><source type=\"video\/mp4\" src=\"http:\/\/omn.ie\/wp-content\/uploads\/2015\/05\/ArLaGcLa780.mp4?_=3\" \/><a href=\"http:\/\/omn.ie\/wp-content\/uploads\/2015\/05\/ArLaGcLa780.mp4\">http:\/\/omn.ie\/wp-content\/uploads\/2015\/05\/ArLaGcLa780.mp4<\/a><\/video><\/div>\n<p>x<\/p>\n<h1><span style=\"color: #000000;\"><strong>Mr \u03c8in, t\u00e1 \u03c8\u00e9 8 `bmtx g \u03c4\u03be &#8216;n Tr\u00e1\u03c9 &#8211; &#8216;r Ro\u03b8\u03c1.<br \/>\n<\/strong><\/span><\/h1>\n<div style=\"width: 669px;\" class=\"wp-video\"><video class=\"wp-video-shortcode\" id=\"video-567-4\" width=\"669\" height=\"376\" preload=\"metadata\" controls=\"controls\"><source type=\"video\/mp4\" src=\"http:\/\/omn.ie\/wp-content\/uploads\/2015\/05\/RotrGTnTraggg.mp4?_=4\" \/><a href=\"http:\/\/omn.ie\/wp-content\/uploads\/2015\/05\/RotrGTnTraggg.mp4\">http:\/\/omn.ie\/wp-content\/uploads\/2015\/05\/RotrGTnTraggg.mp4<\/a><\/video><\/div>\n<p>x<\/p>\n<h1><span style=\"color: #000000;\"><strong>Q\u00e9\u03c5 \u03a0ort Art\u03c1: 15 bmtx gh In\u03c8 \u0145en; 35 bmtx g Ga\u03b2l\u010b<br \/>\n<\/strong><\/span><\/h1>\n<div style=\"width: 669px;\" class=\"wp-video\"><video class=\"wp-video-shortcode\" id=\"video-567-5\" width=\"669\" height=\"376\" preload=\"metadata\" controls=\"controls\"><source type=\"video\/mp4\" src=\"http:\/\/omn.ie\/wp-content\/uploads\/2015\/05\/Rotr3208-Cud07.mp4?_=5\" \/><a href=\"http:\/\/omn.ie\/wp-content\/uploads\/2015\/05\/Rotr3208-Cud07.mp4\">http:\/\/omn.ie\/wp-content\/uploads\/2015\/05\/Rotr3208-Cud07.mp4<\/a><\/video><\/div>\n<p>x<\/p>\n<div style=\"width: 669px;\" class=\"wp-video\"><video class=\"wp-video-shortcode\" id=\"video-567-6\" width=\"669\" height=\"376\" preload=\"metadata\" controls=\"controls\"><source type=\"video\/mp4\" src=\"http:\/\/omn.ie\/wp-content\/uploads\/2015\/05\/220902-Aoine0209.mp4?_=6\" \/><a href=\"http:\/\/omn.ie\/wp-content\/uploads\/2015\/05\/220902-Aoine0209.mp4\">http:\/\/omn.ie\/wp-content\/uploads\/2015\/05\/220902-Aoine0209.mp4<\/a><\/video><\/div>\n<p>x<\/p>\n<div style=\"width: 640px;\" class=\"wp-video\"><video class=\"wp-video-shortcode\" id=\"video-567-7\" width=\"640\" height=\"480\" preload=\"metadata\" controls=\"controls\"><source type=\"video\/mp4\" src=\"http:\/\/omn.ie\/wp-content\/uploads\/2015\/05\/220902-1248Aoine0209-2.mp4?_=7\" \/><a href=\"http:\/\/omn.ie\/wp-content\/uploads\/2015\/05\/220902-1248Aoine0209-2.mp4\">http:\/\/omn.ie\/wp-content\/uploads\/2015\/05\/220902-1248Aoine0209-2.mp4<\/a><\/video><\/div>\n<p>x<\/p>\n<div dir=\"auto\" style=\"text-align: center;\">\n<h1>31 D.F. 2022: \u03a4u\u013c\u03b4 \u0391\u00edn\u03c8\u0109 d\u00f3\u015c\u00e9nt\u0109 d&#8217; \u010bo\u03c1x i\u00f1 \u00e9dn \u03a0obl n&#8217; Gae\u013c\u011d &#8211; a `cur in a \u03beert ag Oml\u00e1\u00f1\u0109.<\/h1>\n<p><a href=\"http:\/\/omn.ie\/wp-content\/uploads\/2015\/05\/GerClo21Alt.png\"><img loading=\"lazy\" decoding=\"async\" class=\"wp-image-2406 aligncenter\" src=\"http:\/\/omn.ie\/wp-content\/uploads\/2015\/05\/GerClo21Alt-238x300.png\" alt=\"\" width=\"559\" height=\"705\" srcset=\"http:\/\/omn.ie\/wp-content\/uploads\/2015\/05\/GerClo21Alt-238x300.png 238w, http:\/\/omn.ie\/wp-content\/uploads\/2015\/05\/GerClo21Alt.png 652w\" sizes=\"auto, (max-width: 559px) 100vw, 559px\" \/><\/a><\/p>\n<h1 style=\"text-align: center;\"><a href=\"http:\/\/omn.ie\/wp-content\/uploads\/2015\/05\/GerCloAlt.pdf\" target=\"_blank\" rel=\"noopener noreferrer\">GerCloAlt.pdf<\/a><\/h1>\n<p style=\"text-align: center;\">x<\/p>\n<h1 data-offset-key=\"5uaf5-0-0\" data-editor=\"5htk5\" data-block=\"true\"><a href=\"http:\/\/omn.ie\/wp-content\/uploads\/2017\/02\/Ireland\u2019s-big-lie.pdf\" target=\"_blank\" rel=\"noopener noreferrer\">This is a report of 10 years of research into the current state of Ireland.<\/a><\/h1>\n<p><a href=\"http:\/\/omn.ie\/wp-content\/uploads\/2017\/02\/Ireland\u2019s-big-lie.pdf\" target=\"_blank\" rel=\"noopener noreferrer\">A graphic<\/a><a href=\"http:\/\/omn.ie\/wp-content\/uploads\/2017\/02\/Ireland\u2019s-big-lie.pdf\"><img loading=\"lazy\" decoding=\"async\" class=\" wp-image-495 alignleft\" src=\"http:\/\/omn.ie\/wp-content\/uploads\/2015\/05\/zIrelandsBigLie-300x125.jpg\" alt=\"\" width=\"348\" height=\"145\" srcset=\"http:\/\/omn.ie\/wp-content\/uploads\/2015\/05\/zIrelandsBigLie-300x125.jpg 300w, http:\/\/omn.ie\/wp-content\/uploads\/2015\/05\/zIrelandsBigLie-768x320.jpg 768w, http:\/\/omn.ie\/wp-content\/uploads\/2015\/05\/zIrelandsBigLie-1024x427.jpg 1024w, http:\/\/omn.ie\/wp-content\/uploads\/2015\/05\/zIrelandsBigLie.jpg 1418w\" sizes=\"auto, (max-width: 348px) 100vw, 348px\" \/><\/a><a href=\"http:\/\/omn.ie\/wp-content\/uploads\/2017\/02\/Ireland\u2019s-big-lie.pdf\"> illustration of the &#8220;Irish&#8221; establishment&#8217;s use of the very British weapon: &#8220;Plausible deniability&#8221;<\/a><\/p>\n<\/div>\n<div class=\"_1mf _1mj\" data-offset-key=\"5uaf5-0-0\">\n<div class=\"\" dir=\"auto\">\n<div id=\"jsc_c_ao\" class=\"ecm0bbzt hv4rvrfc ihqw7lf3 dati1w0a\" data-ad-comet-preview=\"message\" data-ad-preview=\"message\">\n<div class=\"j83agx80 cbu4d94t ew0dbk1b irj2b8pg\" style=\"text-align: left;\">\n<div class=\"\" dir=\"auto\">\n<div id=\"jsc_c_ao\" class=\"ecm0bbzt hv4rvrfc ihqw7lf3 dati1w0a\" data-ad-comet-preview=\"message\" data-ad-preview=\"message\">\n<p dir=\"auto\" style=\"text-align: left;\" data-lineheight=\"24\" data-fontsize=\"16\"><a href=\"http:\/\/omn.ie\/wp-content\/uploads\/2017\/02\/Ireland\u2019s-big-lie.pdf\" target=\"_blank\" rel=\"noopener noreferrer\">is given in this summary of 10 years of investigation which foretells exactly how the present and ongoing cull is being managed. <\/a><a href=\"http:\/\/omn.ie\/wp-content\/uploads\/2017\/02\/Ireland\u2019s-big-lie.pdf\" target=\"_blank\" rel=\"noopener noreferrer\">It was first published on 14 December 2011 and, though it<\/a><a href=\"http:\/\/omn.ie\/wp-content\/uploads\/2017\/02\/Ireland\u2019s-big-lie.pdf\" target=\"_blank\" rel=\"noopener noreferrer\"> focuses on the Irish language, the facts are fairly universal throughout the state departments.<\/a><\/p>\n<p style=\"text-align: left;\" data-offset-key=\"5uaf5-0-0\" data-editor=\"5htk5\" data-block=\"true\"><a href=\"http:\/\/omn.ie\/wp-content\/uploads\/2017\/02\/Ireland\u2019s-big-lie.pdf\" target=\"_blank\" rel=\"noopener noreferrer\">None of the crimes described in this report have been punished and all continue, paid for by a traitor\/parasitic government, that continues to rob the resources\/<\/a><a href=\"http:\/\/omn.ie\/wp-content\/uploads\/2017\/02\/Ireland\u2019s-big-lie.pdf\" target=\"_blank\" rel=\"noopener noreferrer\">suck the<\/a><a href=\"http:\/\/omn.ie\/wp-content\/uploads\/2017\/02\/Ireland\u2019s-big-lie.pdf\" target=\"_blank\" rel=\"noopener noreferrer\"> blood of the Irish people &#8211; mainly by laundering into private hands. This is allowed to continue by our people&#8217;s consent by silence and inaction and by the triumph of the criminals&#8217; propaganda &#8211; again due to the <\/a><a href=\"http:\/\/omn.ie\/wp-content\/uploads\/2017\/02\/Ireland\u2019s-big-lie.pdf\" target=\"_blank\" rel=\"noopener noreferrer\">m\u00e9-f\u00e9inism of a sizeable minority of Irish people who live on bribes<\/a><a href=\"http:\/\/omn.ie\/wp-content\/uploads\/2017\/02\/Ireland\u2019s-big-lie.pdf\">.<\/a><\/p>\n<p style=\"text-align: left;\" data-offset-key=\"5uaf5-0-0\" data-editor=\"5htk5\" data-block=\"true\"><a href=\"http:\/\/omn.ie\/wp-content\/uploads\/2017\/02\/Ireland\u2019s-big-lie.pdf\" target=\"_blank\" rel=\"noopener noreferrer\">My use of the Hebrew revival as an example in no way implies support for the state of Israel or any other oppressive state, including our own.<\/a><\/p>\n<p class=\"_1mf _1mj\" style=\"text-align: center;\" data-offset-key=\"5uaf5-0-0\">x<\/p>\n<h1 class=\"_1mf _1mj\" style=\"text-align: center;\" data-offset-key=\"5uaf5-0-0\">Below is our beginner to fluent &#8220;10 Steps&#8221; Irish Course:<\/h1>\n<p style=\"text-align: center;\"><span style=\"color: #000000;\"><strong>Please read all pdf s well before beginning, especially:<\/strong><\/span><\/p>\n<p style=\"text-align: center;\"><a href=\"http:\/\/omn.ie\/wp-content\/uploads\/2018\/02\/10How-to-become-an-independent-Irish.pdf\" target=\"_blank\" rel=\"noopener noreferrer\">10How to become an independent Irish speaker without wasting your time.<\/a><\/p>\n<p class=\"_1mf _1mj\" style=\"text-align: center;\" data-offset-key=\"5uaf5-0-0\"><a href=\"http:\/\/omn.ie\/wp-content\/uploads\/2015\/05\/zThe10Steps.jpg\"><img loading=\"lazy\" decoding=\"async\" class=\"alignnone size-medium wp-image-507\" src=\"http:\/\/omn.ie\/wp-content\/uploads\/2015\/05\/zThe10Steps-300x125.jpg\" alt=\"\" width=\"300\" height=\"125\" srcset=\"http:\/\/omn.ie\/wp-content\/uploads\/2015\/05\/zThe10Steps-300x125.jpg 300w, http:\/\/omn.ie\/wp-content\/uploads\/2015\/05\/zThe10Steps-768x320.jpg 768w, http:\/\/omn.ie\/wp-content\/uploads\/2015\/05\/zThe10Steps-1024x427.jpg 1024w, http:\/\/omn.ie\/wp-content\/uploads\/2015\/05\/zThe10Steps.jpg 1418w\" sizes=\"auto, (max-width: 300px) 100vw, 300px\" \/><\/a><\/p>\n<p class=\"_1mf _1mj\" style=\"text-align: center;\" data-offset-key=\"5uaf5-0-0\"><a href=\"http:\/\/omn.ie\/wp-content\/uploads\/2018\/02\/01THE-10-STEPS-TO-IRISH-2018.pdf\">01THE 10 STEPS TO IRISH-2018<\/a><\/p>\n<p class=\"_1mf _1mj\" style=\"text-align: center;\" data-offset-key=\"5uaf5-0-0\">(The mobile number quoted is out of date. Contact by e-mail: scel-@omn.ie)<\/p>\n<p class=\"_1mf _1mj\" style=\"text-align: center;\" data-offset-key=\"5uaf5-0-0\"><a href=\"http:\/\/omn.ie\/wp-content\/uploads\/2018\/02\/02The-10-Steps-Irish-Acquisition-Course-2018.pdf\" target=\"_blank\" rel=\"noopener noreferrer\">02The 10 Steps Irish Acquisition Course-2018<\/a><\/p>\n<p class=\"_1mf _1mj\" style=\"text-align: center;\" data-offset-key=\"5uaf5-0-0\"><a href=\"http:\/\/omn.ie\/wp-content\/uploads\/2018\/02\/03EvaluationDeclanHighlighted.pdf\" target=\"_blank\" rel=\"noopener noreferrer\">03EvaluationDeclanHighlighted<\/a><\/p>\n<p class=\"_1mf _1mj\" style=\"text-align: center;\" data-offset-key=\"5uaf5-0-0\"><a href=\"http:\/\/omn.ie\/wp-content\/uploads\/2018\/02\/04An-Nead-LogbookMuiris.pdf\" target=\"_blank\" rel=\"noopener noreferrer\">04An Nead LogbookMuiris<\/a><\/p>\n<p class=\"_1mf _1mj\" style=\"text-align: center;\" data-offset-key=\"5uaf5-0-0\"><a href=\"https:\/\/www.youtube.com\/watch?v=-x_1HCaEnDs\" target=\"_blank\" rel=\"noopener noreferrer\">05The 10 StepsIntro-01 <\/a>(the website referred to is now www.omn.ie)<\/p>\n<p class=\"_1mf _1mj\" style=\"text-align: center;\" data-offset-key=\"5uaf5-0-0\"><a href=\"https:\/\/www.youtube.com\/watch?v=Vy1hIcOks5U\" target=\"_blank\" rel=\"noopener noreferrer\">06The 10 StepsIntro-02 <\/a>(the website referred to is now www.omn.ie)<\/p>\n<p class=\"_1mf _1mj\" style=\"text-align: center;\" data-offset-key=\"5uaf5-0-0\"><a href=\"http:\/\/omn.ie\/wp-content\/uploads\/2018\/02\/10How-to-become-an-independent-Irish.pdf\" target=\"_blank\" rel=\"noopener noreferrer\">10How to become an independent Irish speaker without wasting your time<\/a><\/p>\n<p class=\"_1mf _1mj\" style=\"text-align: center;\" data-offset-key=\"5uaf5-0-0\"><a href=\"http:\/\/omn.ie\/wp-content\/uploads\/2015\/05\/10StepsNoteForApplicants.pdf\" target=\"_blank\" rel=\"noopener noreferrer\">11Note For Applicants to 10 Steps Course<\/a><\/p>\n<h1 class=\"_1mf _1mj\" style=\"text-align: center;\" data-offset-key=\"5uaf5-0-0\"><a href=\"https:\/\/vimeo.com\/user30763663\/videos\" target=\"_blank\" rel=\"noopener noreferrer\">Course Videos on Vimeo.<\/a><\/h1>\n<p style=\"text-align: center;\">x<\/p>\n<h1 style=\"text-align: left;\">10 Steps Towards Your Freedom<\/h1>\n<div style=\"width: 400px;\" class=\"wp-video\"><video class=\"wp-video-shortcode\" id=\"video-567-8\" width=\"400\" height=\"300\" preload=\"metadata\" controls=\"controls\"><source type=\"video\/mp4\" src=\"http:\/\/omn.ie\/wp-content\/uploads\/2020\/10\/10StepsToYourFreedom.mp4?_=8\" \/><a href=\"http:\/\/omn.ie\/wp-content\/uploads\/2020\/10\/10StepsToYourFreedom.mp4\">http:\/\/omn.ie\/wp-content\/uploads\/2020\/10\/10StepsToYourFreedom.mp4<\/a><\/video><\/div>\n<h1 style=\"text-align: left;\">10 Steps Intro Part 1<\/h1>\n<div style=\"width: 400px;\" class=\"wp-video\"><video class=\"wp-video-shortcode\" id=\"video-567-9\" width=\"400\" height=\"300\" preload=\"metadata\" controls=\"controls\"><source type=\"video\/mp4\" src=\"http:\/\/omn.ie\/wp-content\/uploads\/2020\/10\/10StepsIntroPart1.mp4?_=9\" \/><a href=\"http:\/\/omn.ie\/wp-content\/uploads\/2020\/10\/10StepsIntroPart1.mp4\">http:\/\/omn.ie\/wp-content\/uploads\/2020\/10\/10StepsIntroPart1.mp4<\/a><\/video><\/div>\n<p style=\"text-align: center;\">x<\/p>\n<div dir=\"auto\" style=\"text-align: center;\">\n<h1><a href=\"https:\/\/www.bitchute.com\/channel\/XrSRLyb76Hue\/\" target=\"_blank\" rel=\"noopener noreferrer\">The link below is to our Irish BitChute Channel,<\/a><\/h1>\n<h1><a href=\"https:\/\/www.bitchute.com\/channel\/XrSRLyb76Hue\/\">mainly about sustainable living.<\/a><\/h1>\n<\/div>\n<div dir=\"auto\" style=\"text-align: center;\">\n<p><a href=\"https:\/\/www.bitchute.com\/channel\/XrSRLyb76Hue\/\"><img loading=\"lazy\" decoding=\"async\" class=\"wp-image-641 aligncenter\" src=\"http:\/\/omn.ie\/wp-content\/uploads\/2015\/05\/TGOmnArBoke7WWW-300x78.jpg\" alt=\"\" width=\"631\" height=\"164\" srcset=\"http:\/\/omn.ie\/wp-content\/uploads\/2015\/05\/TGOmnArBoke7WWW-300x78.jpg 300w, http:\/\/omn.ie\/wp-content\/uploads\/2015\/05\/TGOmnArBoke7WWW-768x200.jpg 768w, http:\/\/omn.ie\/wp-content\/uploads\/2015\/05\/TGOmnArBoke7WWW-1024x266.jpg 1024w\" sizes=\"auto, (max-width: 631px) 100vw, 631px\" \/><\/a>x<\/p>\n<\/div>\n<\/div>\n<\/div>\n<\/div>\n<\/div>\n<\/div>\n<\/div>\n","protected":false},"excerpt":{"rendered":"<p>Ro\u00f1 \u2018n O\u0135\u010b\u03c8 &amp; n\u0109 `Dan x 230918-0920: C\u00fars\u0109 Sta\u03c1\u0109, \u013bi\u03c4\u03c1\u03b8\u010bt\u0109 &amp; \u013b\u00e9\u03c9\u00f1 na Gae\u013c\u011d\u0109 T\u00e1 an eagra\u00edocht dheonach \u201cIoml\u00e1ine\u201d\/Oml\u00e1\u00f1- ag cur C\u00farsa Staire, litr\u00edochta agus L\u00e9inn na Gaeilge ar f\u00e1il do phobal na h\u00c9ireann Dh\u00e1 ch\u00e1il\u00edocht bhun\u00fasacha de dhith: 1. l\u00edofacht bhun\u00fasach na Gaeilge &#8211; n\u00f3 mian \u00ed a shealbh\u00fa 2. Mian oideachais in [&hellip;]<\/p>\n","protected":false},"author":2,"featured_media":0,"parent":0,"menu_order":0,"comment_status":"closed","ping_status":"closed","template":"","meta":{"footnotes":""},"class_list":["post-567","page","type-page","status-publish","hentry"],"_links":{"self":[{"href":"http:\/\/omn.ie\/index.php\/wp-json\/wp\/v2\/pages\/567","targetHints":{"allow":["GET"]}}],"collection":[{"href":"http:\/\/omn.ie\/index.php\/wp-json\/wp\/v2\/pages"}],"about":[{"href":"http:\/\/omn.ie\/index.php\/wp-json\/wp\/v2\/types\/page"}],"author":[{"embeddable":true,"href":"http:\/\/omn.ie\/index.php\/wp-json\/wp\/v2\/users\/2"}],"replies":[{"embeddable":true,"href":"http:\/\/omn.ie\/index.php\/wp-json\/wp\/v2\/comments?post=567"}],"version-history":[{"count":25,"href":"http:\/\/omn.ie\/index.php\/wp-json\/wp\/v2\/pages\/567\/revisions"}],"predecessor-version":[{"id":8913,"href":"http:\/\/omn.ie\/index.php\/wp-json\/wp\/v2\/pages\/567\/revisions\/8913"}],"wp:attachment":[{"href":"http:\/\/omn.ie\/index.php\/wp-json\/wp\/v2\/media?parent=567"}],"curies":[{"name":"wp","href":"https:\/\/api.w.org\/{rel}","templated":true}]}}